{"id":357767,"date":"2025-09-02T15:09:44","date_gmt":"2025-09-02T13:09:44","guid":{"rendered":"https:\/\/www.bolli-modestoffe.ch\/?page_id=357767"},"modified":"2025-09-03T10:12:10","modified_gmt":"2025-09-03T08:12:10","slug":"aktionen-ein-tausch-mit-herz","status":"publish","type":"page","link":"https:\/\/www.bolli-modestoffe.ch\/fr\/aktionen-ein-tausch-mit-herz\/","title":{"rendered":"Aktionen Ein Tausch mit Herz"},"content":{"rendered":"<div class=\"wp-block-columns is-layout-flex wp-container-core-columns-is-layout-28f84493 wp-block-columns-is-layout-flex\">\n<div class=\"wp-block-column slider-images is-layout-flow wp-block-column-is-layout-flow\">\n<figure class=\"wp-block-gallery has-nested-images columns-default is-cropped wp-block-gallery-1 is-layout-flex wp-block-gallery-is-layout-flex\">\n<figure class=\"wp-block-image size-large\"><img loading=\"lazy\" decoding=\"async\" width=\"922\" height=\"1024\" data-id=\"357773\" src=\"https:\/\/www.bolli-modestoffe.ch\/wp-content\/uploads\/2025\/09\/Dr-Wolle_B790_schrag_1800x2000px-922x1024.png\" alt=\"\" class=\"wp-image-357773\" srcset=\"https:\/\/www.bolli-modestoffe.ch\/wp-content\/uploads\/2025\/09\/Dr-Wolle_B790_schrag_1800x2000px-922x1024.png 922w, https:\/\/www.bolli-modestoffe.ch\/wp-content\/uploads\/2025\/09\/Dr-Wolle_B790_schrag_1800x2000px-324x360.png 324w, https:\/\/www.bolli-modestoffe.ch\/wp-content\/uploads\/2025\/09\/Dr-Wolle_B790_schrag_1800x2000px-270x300.png 270w, https:\/\/www.bolli-modestoffe.ch\/wp-content\/uploads\/2025\/09\/Dr-Wolle_B790_schrag_1800x2000px-768x853.png 768w, https:\/\/www.bolli-modestoffe.ch\/wp-content\/uploads\/2025\/09\/Dr-Wolle_B790_schrag_1800x2000px-1382x1536.png 1382w, https:\/\/www.bolli-modestoffe.ch\/wp-content\/uploads\/2025\/09\/Dr-Wolle_B790_schrag_1800x2000px-11x12.png 11w, https:\/\/www.bolli-modestoffe.ch\/wp-content\/uploads\/2025\/09\/Dr-Wolle_B790_schrag_1800x2000px-1320x1467.png 1320w, https:\/\/www.bolli-modestoffe.ch\/wp-content\/uploads\/2025\/09\/Dr-Wolle_B790_schrag_1800x2000px.png 1800w\" sizes=\"auto, (max-width: 922px) 100vw, 922px\" \/><\/figure>\n\n\n\n<figure class=\"wp-block-image size-large\"><img loading=\"lazy\" decoding=\"async\" width=\"922\" height=\"1024\" data-id=\"357774\" src=\"https:\/\/www.bolli-modestoffe.ch\/wp-content\/uploads\/2025\/09\/Dr-Wolle_smile_1800x2000-922x1024.png\" alt=\"\" class=\"wp-image-357774\" srcset=\"https:\/\/www.bolli-modestoffe.ch\/wp-content\/uploads\/2025\/09\/Dr-Wolle_smile_1800x2000-922x1024.png 922w, https:\/\/www.bolli-modestoffe.ch\/wp-content\/uploads\/2025\/09\/Dr-Wolle_smile_1800x2000-324x360.png 324w, https:\/\/www.bolli-modestoffe.ch\/wp-content\/uploads\/2025\/09\/Dr-Wolle_smile_1800x2000-270x300.png 270w, https:\/\/www.bolli-modestoffe.ch\/wp-content\/uploads\/2025\/09\/Dr-Wolle_smile_1800x2000-768x853.png 768w, https:\/\/www.bolli-modestoffe.ch\/wp-content\/uploads\/2025\/09\/Dr-Wolle_smile_1800x2000-1382x1536.png 1382w, https:\/\/www.bolli-modestoffe.ch\/wp-content\/uploads\/2025\/09\/Dr-Wolle_smile_1800x2000-11x12.png 11w, https:\/\/www.bolli-modestoffe.ch\/wp-content\/uploads\/2025\/09\/Dr-Wolle_smile_1800x2000-1320x1467.png 1320w, https:\/\/www.bolli-modestoffe.ch\/wp-content\/uploads\/2025\/09\/Dr-Wolle_smile_1800x2000.png 1800w\" sizes=\"auto, (max-width: 922px) 100vw, 922px\" \/><\/figure>\n<\/figure>\n<\/div>\n\n\n\n<div class=\"wp-block-column custom-li is-layout-flow wp-block-column-is-layout-flow\">\n<h2 class=\"wp-block-heading\">Eintauschaktion<\/h2>\n\n\n\n<p><strong>Ihr Vorteil auf einen Blick<\/strong><\/p>\n\n\n\n<p><\/p>\n\n\n\n<ul class=\"wp-block-list\">\n<li><strong>CHF 300<\/strong>&nbsp;bei Eintausch einer BERNINA ab Jahrgang 2005<\/li>\n\n\n\n<li><strong>CHF 200<\/strong>&nbsp;bei Eintausch einer BERNINA bis Jahrgang 2004<\/li>\n\n\n\n<li><strong>CHF 100<\/strong>&nbsp;bei Eintausch einer bernette, Fremdmarke oder ohne R\u00fcckgabe einer Maschine<\/li>\n<\/ul>\n\n\n\n<p><strong>Die Aktionsmodelle im \u00dcberblick<\/strong><br>Finden Sie hier Ihre passende neue Maschine (optional inkl. Stickmodul):<\/p>\n\n\n\n<p><\/p>\n\n\n\n<ul class=\"wp-block-list\">\n<li><a href=\"https:\/\/www.bolli-modestoffe.ch\/fr\/produit\/bernina-535-swiss-edition\/\">B 535<\/a>,&nbsp;<a href=\"https:\/\/www.bolli-modestoffe.ch\/fr\/produit\/bernina-570-qe\/\">B 570 QE<\/a>,&nbsp;<a href=\"https:\/\/www.bolli-modestoffe.ch\/fr\/produit\/bernina-590\/\">B 590<\/a><\/li>\n\n\n\n<li><a href=\"https:\/\/www.bolli-modestoffe.ch\/fr\/produit\/bernina-735-pro\/\">B 735 PRO<\/a>,&nbsp;<a href=\"https:\/\/www.bolli-modestoffe.ch\/fr\/produit\/bernina-770qe-pro\/\">B 770 QE PRO<\/a>,&nbsp;<a href=\"https:\/\/www.bolli-modestoffe.ch\/fr\/produit\/bernina-790-pro-inkl-stickmodul\/\">B 790 PRO<\/a><\/li>\n\n\n\n<li><a href=\"https:\/\/www.bolli-modestoffe.ch\/fr\/produit\/bernina-990-inkl-stickmodul\/\">B 990<\/a><\/li>\n\n\n\n<li>Overlocker:&nbsp;<a href=\"https:\/\/www.bolli-modestoffe.ch\/fr\/produit\/overlock-l-850\/\" data-type=\"link\" data-id=\"https:\/\/www.bolli-modestoffe.ch\/produkt\/overlock-l-850\/\">L 850<\/a>,&nbsp;<a href=\"https:\/\/www.bolli-modestoffe.ch\/fr\/produit\/overlock-l-860\/\" data-type=\"link\" data-id=\"https:\/\/www.bolli-modestoffe.ch\/produkt\/overlock-l-860\/\">L 860<\/a>,&nbsp;<a href=\"https:\/\/www.bolli-modestoffe.ch\/fr\/produit\/overlock-l-890\/\" data-type=\"link\" data-id=\"https:\/\/www.bolli-modestoffe.ch\/produkt\/overlock-l-890\/\">L 890<\/a>,&nbsp;<a href=\"https:\/\/www.bolli-modestoffe.ch\/fr\/produit\/overlock-l-890qe-special-edition\/\" data-type=\"link\" data-id=\"https:\/\/www.bolli-modestoffe.ch\/produkt\/overlock-l-890qe-special-edition\/\">L 890 QE<\/a><\/li>\n<\/ul>\n<\/div>\n<\/div>\n\n\n\n<h3 class=\"wp-block-heading\">Gut zu wissen<\/h3>\n\n\n\n<div class=\"wp-block-columns is-layout-flex wp-container-core-columns-is-layout-28f84493 wp-block-columns-is-layout-flex\">\n<div class=\"wp-block-column custom-li is-layout-flow wp-block-column-is-layout-flow\">\n<ul class=\"wp-block-list\">\n<li>Pr\u00e4mienerhalt&nbsp;nur bei direktem Erwerb eines Aktionsmodelles.<\/li>\n\n\n\n<li>Spende erfolgt nur bei Kauf einer neuen Maschine.<\/li>\n\n\n\n<li>Maschinentausch ist frei w\u00e4hlbar: z.B. Overlocker gegen N\u00e4hmaschine.<\/li>\n<\/ul>\n<\/div>\n\n\n\n<div class=\"wp-block-column custom-li is-layout-flow wp-block-column-is-layout-flow\">\n<ul class=\"wp-block-list\">\n<li>Keine Kumulation: Eine Eintauschpr\u00e4mie pro gekaufter Maschine.<\/li>\n\n\n\n<li>Altger\u00e4te werden nicht wiederverkauft, sondern fachgerecht entsorgt.<\/li>\n\n\n\n<li>Die Aktion ist vom 1.09.&nbsp;bis 31.12.2025 im Schweizer Fachhandel g\u00fcltig.<\/li>\n<\/ul>\n<\/div>\n<\/div>\n\n\n\n\n    <section class=\"background-text-block\">\n        <div class=\"background-img\" style=\"background-image: url('https:\/\/www.bolli-modestoffe.ch\/wp-content\/uploads\/2025\/09\/GOMP_Herbst25_Stiftung-Theodora_1900x700.jpg');\"><\/div>\n\n        <div class=\"content\">\n                            <h2>F\u00fcr Kinderlachen <\/h2>\n<p>Die Stiftung Theodora engagiert sich seit \u00fcber 30 Jahren daf\u00fcr, das emotionale Wohlbefinden von Kindern in Spit\u00e4lern und spezialisierten Institutionen in der Schweiz zu st\u00e4rken. Speziell ausgebildete Traumdoktorinnen und Traumdoktoren besuchen die kleinen Patientinnen und Patienten und schenken ihnen unvergessliche Momente voller Freude, Trost und Leichtigkeit.<\/p>\n<p>Mit jeder eingetauschten Maschine geht eine Spende von CHF 100 an die Stiftung Theodora und zaubert Kindern ein L\u00e4cheln ins Gesicht.<\/p>\n                    <\/div>\n    <\/section>\n\n\n\n<div class=\"category-tabs-block\">\n    <h2>Maschinen Highlights<\/h2>\n\n    <!-- Tab Buttons -->\n    <ul class=\"tabs-buttons\">\n                    <li class=\"tab-button button-red active\" \n                data-tab=\"tab-0\">\n                7er Serie PRO            <\/li>\n                    <li class=\"tab-button button-red\" \n                data-tab=\"tab-1\">\n                BERNINA 990            <\/li>\n                    <li class=\"tab-button button-red\" \n                data-tab=\"tab-2\">\n                5er Serie            <\/li>\n                    <li class=\"tab-button button-red\" \n                data-tab=\"tab-3\">\n                L 8er Serie            <\/li>\n            <\/ul>\n\n    <!-- Tab Content -->\n    <div class=\"tabs-content\">\n                    <div class=\"tab-pane active\" \n                 id=\"tab-0\">\n                 \n                                    <div class=\"tab-image\">\n                        <img decoding=\"async\" src=\"https:\/\/www.bolli-modestoffe.ch\/wp-content\/uploads\/2025\/09\/Herbst25_GOMP_7PRO_neu2_767x512.png\" alt=\"\">\n                    <\/div>\n                \n                                    <div class=\"tab-content\">\n                        <p>BERNINA 7er Serie PRO<br \/>\nKreieren wie ein PRO<\/p>\n<p>Dank der neuen N\u00e4h-, Quilt- und Stickfunktionen und der stitchprecision2-Technologie der n\u00e4chsten Generation ist das N\u00e4hen, Quilten und Sticken mit den Modellen der BERNINA 7er Serie PRO noch pr\u00e4ziser und komfortabler.<\/p>\n<p>Eintauschpreis:<br \/>\n<a href=\"https:\/\/www.bolli-modestoffe.ch\/fr\/produit\/bernina-735-pro\/\">B 735 PRO<\/a> anstelle 4&#8217;195.- jetzt ab 3&#8217;895.-*<br \/>\nmit Stickmodul anstelle 5&#8217;295.- jetzt ab 4&#8217;995.-*<br \/>\n<a href=\"https:\/\/www.bolli-modestoffe.ch\/fr\/produit\/bernina-770qe-pro\/\">B 770 QE PRO <\/a>anstelle 5&#8217;595.- jetzt ab 5&#8217;295.-*<br \/>\nmit Stickmodul anstelle 6&#8217;695.- jetzt ab 6&#8217;395.-*<br \/>\n<a href=\"https:\/\/www.bolli-modestoffe.ch\/fr\/produit\/bernina-790-pro-inkl-stickmodul\/\">B 790 PRO inkl. Stickmodul <\/a>anstelle 9&#8217;595.- jetzt ab 9&#8217;295.-*<\/p>\n<p><a class=\"button-red\" href=\"https:\/\/www.bolli-modestoffe.ch\/fr\/categorie-produit\/nhmaschinen\/bernina\/nhmaschinen-bernina\/7er-serie\/\">Zur \u00dcbersicht<\/a><br \/>\n*Der ausgewiesene Preis enth\u00e4lt die maximale Pr\u00e4mie von 300.\u2013, die H\u00f6he der Pr\u00e4mie ist abh\u00e4ngig von Marke und Jahrgang der abgegebenen Maschine. Alle Preise sind unverbindliche Preisempfehlungen in Schweizer Franken. Das Angebot ist bis 31.12.2025 im Schweizer Fachhandel g\u00fcltig.<\/p>\n                    <\/div>\n                \n            <\/div>\n                    <div class=\"tab-pane\" \n                 id=\"tab-1\">\n                 \n                                    <div class=\"tab-image\">\n                        <img decoding=\"async\" src=\"https:\/\/www.bolli-modestoffe.ch\/wp-content\/uploads\/2025\/09\/Herbst25_GOMP_B990_767x512.png\" alt=\"\">\n                    <\/div>\n                \n                                    <div class=\"tab-content\">\n                        <p>BERNINA 990<br \/>\nTout simplement magique<\/p>\n<p>Die neue B 990 ist ultimative Schweizer Ingenieurskunst mit makelloser Pr\u00e4zision und Innovation. Sie bietet beeindruckende 35 cm Platz rechts der Nadel und ist intuitiver als je zuvor!<\/p>\n<p>Eintauschpreis:<br \/>\n<a href=\"https:\/\/www.bolli-modestoffe.ch\/fr\/produit\/bernina-990-inkl-stickmodul\/\">B 990 inkl. Stickmodul <\/a>anstelle 14&#8217;995.- jetzt ab 14&#8217;695.-*<\/p>\n<p><a class=\"button-red\" href=\"https:\/\/www.bolli-modestoffe.ch\/fr\/categorie-produit\/nhmaschinen\/bernina\/stickmaschinen\/9er-serie-stickmaschinen\/\">Zur \u00dcbersicht<\/a><br \/>\n*Der ausgewiesene Preis enth\u00e4lt die maximale Pr\u00e4mie von 300.\u2013, die H\u00f6he der Pr\u00e4mie ist abh\u00e4ngig von Marke und Jahrgang der abgegebenen Maschine. Alle Preise sind unverbindliche Preisempfehlungen in Schweizer Franken. Das Angebot ist bis 31.12.2025 im Schweizer Fachhandel g\u00fcltig.<\/p>\n                    <\/div>\n                \n            <\/div>\n                    <div class=\"tab-pane\" \n                 id=\"tab-2\">\n                 \n                                    <div class=\"tab-image\">\n                        <img decoding=\"async\" src=\"https:\/\/www.bolli-modestoffe.ch\/wp-content\/uploads\/2025\/09\/Herbst25_GOMP_serie5-_767x512.png\" alt=\"\">\n                    <\/div>\n                \n                                    <div class=\"tab-content\">\n                        <p>BERNINA 5er Serie<br \/>\nDie Multitalente zum N\u00e4hen und Sticken<\/p>\n<p>Die Maschinen der BERNINA 5er Serie sind tolle Multitalente! Sie verbinden jede Menge Vorteile in perfekter Gr\u00f6sse. Zudem sparen automatische Funktionen Zeit und nehmen Arbeit ab.<\/p>\n<p>Eintauschpreis:<br \/>\n<a href=\"https:\/\/www.bolli-modestoffe.ch\/fr\/produit\/bernina-535-swiss-edition\/\">B 535<\/a> anstelle 2&#8217;595.- jetzt ab 2&#8217;295.-*<br \/>\nmit Stickmodul anstelle 3&#8217;495.- jetzt ab 3&#8217;195.-*<br \/>\n<a href=\"https:\/\/www.bolli-modestoffe.ch\/fr\/produit\/bernina-570-qe\/\">B 570 QE<\/a> anstelle 3&#8217;095.- jetzt ab 2&#8217;795.-*<br \/>\nmit Stickmodul anstelle 3&#8217;995.- jetzt ab 3&#8217;695.-*<br \/>\n<a href=\"https:\/\/www.bolli-modestoffe.ch\/fr\/produit\/bernina-590\/\">B 590 <\/a>anstelle 3&#8217;695.- jetzt ab 3&#8217;395.-*<br \/>\nmit Stickmodul anstelle 4&#8217;595.- jetzt ab 4&#8217;295.-*<br \/>\n<a class=\"mt-22 button-red\" href=\"https:\/\/www.bolli-modestoffe.ch\/fr\/categorie-produit\/nhmaschinen\/bernina\/nhmaschinen-bernina\/5er-serie\/\">Zur \u00dcbersicht<\/a><br \/>\n*Der ausgewiesene Preis enth\u00e4lt die maximale Pr\u00e4mie von 300.\u2013, die H\u00f6he der Pr\u00e4mie ist abh\u00e4ngig von Marke und Jahrgang der abgegebenen Maschine. Alle Preise sind unverbindliche Preisempfehlungen in Schweizer Franken. Das Angebot ist bis 31.12.2025 im Schweizer Fachhandel g\u00fcltig.<\/p>\n                    <\/div>\n                \n            <\/div>\n                    <div class=\"tab-pane\" \n                 id=\"tab-3\">\n                 \n                                    <div class=\"tab-image\">\n                        <img decoding=\"async\" src=\"https:\/\/www.bolli-modestoffe.ch\/wp-content\/uploads\/2025\/09\/Herbst25_GOMP_L8_767x512.png\" alt=\"\">\n                    <\/div>\n                \n                                    <div class=\"tab-content\">\n                        <p>Overlocker L 8er Serie<br \/>\nPerfekte Erg\u00e4nzung zur N\u00e4hmaschine<\/p>\n<p>Kantenabschl\u00fcsse jeglicher Art sind die absolute Spezialit\u00e4t dieser Maschinen. Sie zaubern professionelle, strapazierf\u00e4hige N\u00e4hte und S\u00e4ume in elastischen Materialien. Zudem k\u00f6nnen alle Einstellungen w\u00e4hrend des N\u00e4hens einfach angepasst werden.<\/p>\n<p>Eintauschpreis:<br \/>\n<a href=\"https:\/\/www.bolli-modestoffe.ch\/fr\/produit\/overlock-l-850\/\">L 850 <\/a>anstelle 2&#8217;495.- jetzt ab 2&#8217;195.-*<br \/>\n<a href=\"https:\/\/www.bolli-modestoffe.ch\/fr\/produit\/overlock-l-860\/\">L 860<\/a> anstelle 3&#8217;495.- jetzt ab 3&#8217;195.-*<br \/>\n<a href=\"https:\/\/www.bolli-modestoffe.ch\/fr\/produit\/overlock-l-890\/\">L 890<\/a> anstelle 4&#8217;995.- jetzt ab 4&#8217;695.-*<br \/>\n<a href=\"https:\/\/www.bolli-modestoffe.ch\/fr\/produit\/overlock-l-890qe-special-edition\/\">L 890 QE<\/a> anstelle 5&#8217;195.- jetzt ab 4&#8217;895.-*<br \/>\n<a href=\"https:\/\/www.bolli-modestoffe.ch\/fr\/categorie-produit\/nhmaschinen\/bernina\/overlocker\/\" class=\"button-red  mt-22\">Zur \u00dcbersicht<\/a><br \/>\n*Der ausgewiesene Preis enth\u00e4lt die maximale Pr\u00e4mie von 300.\u2013, die H\u00f6he der Pr\u00e4mie ist abh\u00e4ngig von Marke und Jahrgang der abgegebenen Maschine. Alle Preise sind unverbindliche Preisempfehlungen in Schweizer Franken. Das Angebot ist bis 31.12.2025 im Schweizer Fachhandel g\u00fcltig.<\/p>\n                    <\/div>\n                \n            <\/div>\n            <\/div>\n\n<\/div>","protected":false},"excerpt":{"rendered":"<p>Eintauschaktion Ihr Vorteil auf einen Blick Die Aktionsmodelle im \u00dcberblickFinden Sie hier Ihre passende neue Maschine (optional inkl. Stickmodul): Gut zu wissen<\/p>","protected":false},"author":4,"featured_media":0,"parent":0,"menu_order":0,"comment_status":"closed","ping_status":"closed","template":"","meta":{"_acf_changed":false,"footnotes":""},"class_list":["post-357767","page","type-page","status-publish","hentry"],"acf":[],"_links":{"self":[{"href":"https:\/\/www.bolli-modestoffe.ch\/fr\/wp-json\/wp\/v2\/pages\/357767","targetHints":{"allow":["GET"]}}],"collection":[{"href":"https:\/\/www.bolli-modestoffe.ch\/fr\/wp-json\/wp\/v2\/pages"}],"about":[{"href":"https:\/\/www.bolli-modestoffe.ch\/fr\/wp-json\/wp\/v2\/types\/page"}],"author":[{"embeddable":true,"href":"https:\/\/www.bolli-modestoffe.ch\/fr\/wp-json\/wp\/v2\/users\/4"}],"replies":[{"embeddable":true,"href":"https:\/\/www.bolli-modestoffe.ch\/fr\/wp-json\/wp\/v2\/comments?post=357767"}],"version-history":[{"count":27,"href":"https:\/\/www.bolli-modestoffe.ch\/fr\/wp-json\/wp\/v2\/pages\/357767\/revisions"}],"predecessor-version":[{"id":359043,"href":"https:\/\/www.bolli-modestoffe.ch\/fr\/wp-json\/wp\/v2\/pages\/357767\/revisions\/359043"}],"wp:attachment":[{"href":"https:\/\/www.bolli-modestoffe.ch\/fr\/wp-json\/wp\/v2\/media?parent=357767"}],"curies":[{"name":"wp","href":"https:\/\/api.w.org\/{rel}","templated":true}]}}